{"id":3891,"date":"2022-04-19T15:39:08","date_gmt":"2022-04-19T13:39:08","guid":{"rendered":"https:\/\/magnet-flyer.de\/kontakt-copy\/"},"modified":"2026-04-27T22:02:05","modified_gmt":"2026-04-27T20:02:05","slug":"kontakt-onepage","status":"publish","type":"page","link":"https:\/\/mkl-druck.de\/","title":{"rendered":"Kontakt &#8211; onepage"},"content":{"rendered":"<p>[vc_row][vc_column][vc_separator border_width=&#8220;3&#8243;][\/vc_column][vc_column][vc_row_inner][vc_column_inner width=&#8220;1\/2&#8243;][vc_column_text]<img loading=\"lazy\" decoding=\"async\" class=\"aligncenter\" src=\"https:\/\/mkl-druck.de\/wp-content\/uploads\/2026\/02\/logo2025.jpg\" width=\"350\" height=\"207\" \/>[\/vc_column_text][\/vc_column_inner][vc_column_inner width=&#8220;1\/2&#8243;][vc_column_text]<strong>Herzlich Willkommen bei MKL wentker druck GmbH<\/strong><\/p>\n<p>Wir begr\u00fc\u00dfen Sie auf unserer Homepage und freuen uns, dass Sie bei uns vorbeischauen. Als Ihr kompetenter Partner zum Thema Offset- und Digitaldruck stellen wir Ihnen gerne unseren Betrieb und unsere T\u00e4tigkeiten vor.<\/p>\n<p>Als kleines, inhabergef\u00fchrtes Unternehmen k\u00f6nnen wir flexibel und individuell auf Ihre Spezialw\u00fcnsche eingehen. Gute Beratung, Qualit\u00e4t und P\u00fcnktlichkeit in der Ausf\u00fchrung ist unser Prinzip, mit dem wir schon seit vielen Jahren Erfolge und zufriedene Kunden vorweisen k\u00f6nnen.[\/vc_column_text][\/vc_column_inner][\/vc_row_inner][vc_separator border_width=&#8220;3&#8243;][\/vc_column][\/vc_row][vc_row full_width=&#8220;stretch_row&#8220;][vc_column]<div class=\"porto-carousel owl-carousel has-ccols ccols-1 custom-owl-dots-style-1 mb-0 nav-inside nav-inside-left\" data-plugin-options=\"{&quot;stagePadding&quot;:0,&quot;margin&quot;:0,&quot;autoplay&quot;:false,&quot;autoplayTimeout&quot;:5000,&quot;autoplayHoverPause&quot;:false,&quot;items&quot;:1,&quot;lg&quot;:1,&quot;md&quot;:1,&quot;sm&quot;:1,&quot;xs&quot;:1,&quot;nav&quot;:false,&quot;dots&quot;:&quot;yes&quot;,&quot;animateIn&quot;:&quot;&quot;,&quot;animateOut&quot;:&quot;&quot;,&quot;loop&quot;:false,&quot;center&quot;:false,&quot;video&quot;:false,&quot;lazyLoad&quot;:false,&quot;fullscreen&quot;:false}\"><div class=\"porto-ultimate-content-box-container \"><style>#porto_ucb_3648{will-change: box-shadow;box-shadow: none;}<\/style><div class=\"porto-ultimate-content-box\" style=\"background-image:url(&#039;https:\/\/mkl-druck.de\/wp-content\/uploads\/2022\/04\/slide-1.jpg&#039;);background-size: cover;background-repeat: repeat;background-position: center center;background-color: rgba(0, 0, 0, 0);min-height:415px;\" id=\"porto_ucb_3648\"><\/div><\/div><div class=\"porto-ultimate-content-box-container \"><style>#porto_ucb_6062{will-change: box-shadow;box-shadow: none;}<\/style><div class=\"porto-ultimate-content-box\" style=\"background-image:url(&#039;https:\/\/mkl-druck.de\/wp-content\/uploads\/2022\/04\/slide-2.jpg&#039;);background-size: cover;background-repeat: repeat;background-position: center center;background-color: rgba(0, 0, 0, 0);min-height:415px;\" id=\"porto_ucb_6062\"><\/div><\/div><div class=\"porto-ultimate-content-box-container \"><style>#porto_ucb_5317{will-change: box-shadow;box-shadow: none;}<\/style><div class=\"porto-ultimate-content-box\" style=\"background-image:url(&#039;https:\/\/mkl-druck.de\/wp-content\/uploads\/2022\/04\/slide-3.jpg&#039;);background-size: cover;background-repeat: repeat;background-position: center center;background-color: rgba(0, 0, 0, 0);min-height:415px;\" id=\"porto_ucb_5317\"><\/div><\/div><div class=\"porto-ultimate-content-box-container \"><style>#porto_ucb_3279{will-change: box-shadow;box-shadow: none;}<\/style><div class=\"porto-ultimate-content-box\" style=\"background-image:url(&#039;https:\/\/mkl-druck.de\/wp-content\/uploads\/2022\/04\/slide-4.jpg&#039;);background-size: cover;background-repeat: repeat;background-position: center center;background-color: rgba(0, 0, 0, 0);min-height:415px;\" id=\"porto_ucb_3279\"><\/div><\/div><div class=\"porto-ultimate-content-box-container \"><style>#porto_ucb_5400{will-change: box-shadow;box-shadow: none;}<\/style><div class=\"porto-ultimate-content-box\" style=\"background-image:url(&#039;https:\/\/mkl-druck.de\/wp-content\/uploads\/2022\/04\/slide-5.jpg&#039;);background-size: cover;background-repeat: repeat;background-position: center center;background-color: rgba(0, 0, 0, 0);min-height:415px;\" id=\"porto_ucb_5400\"><\/div><\/div><div class=\"porto-ultimate-content-box-container \"><style>#porto_ucb_8097{will-change: box-shadow;box-shadow: none;}<\/style><div class=\"porto-ultimate-content-box\" style=\"background-image:url(&#039;https:\/\/mkl-druck.de\/wp-content\/uploads\/2022\/04\/slide-6.jpg&#039;);background-size: cover;background-repeat: repeat;background-position: center center;background-color: rgba(0, 0, 0, 0);min-height:415px;\" id=\"porto_ucb_8097\"><\/div><\/div><div class=\"porto-ultimate-content-box-container \"><style>#porto_ucb_7058{will-change: box-shadow;box-shadow: none;}<\/style><div class=\"porto-ultimate-content-box\" style=\"background-image:url(&#039;https:\/\/mkl-druck.de\/wp-content\/uploads\/2022\/04\/slide-7.jpg&#039;);background-size: cover;background-repeat: repeat;background-position: center center;background-color: rgba(0, 0, 0, 0);min-height:415px;\" id=\"porto_ucb_7058\"><\/div><\/div><\/div>[\/vc_column][\/vc_row][vc_row wrap_container=&#8220;yes&#8220;][vc_column][vc_separator color=&#8220;sky&#8220;][\/vc_column][vc_column][\/vc_column][\/vc_row][vc_row][vc_column][vc_text_separator title=&#8220;Ansprechpartner&#8220;][\/vc_column][\/vc_row][vc_row wrap_container=&#8220;yes&#8220;][vc_column width=&#8220;1\/5&#8243;][vc_column_text]<strong>Michael Leissing<\/strong><br \/>\nGesch\u00e4ftsf\u00fchrender Gesellschafter<br \/>\nTel.: 0 25 32 &#8211; 96 43 80<br \/>\nFax: 0 25 32 &#8211; 96 43 95<br \/>\nE-Mail: <a href=\"mailto:leissing@mkl-druck.de\">leissing@mkl-druck.de<\/a>[\/vc_column_text][\/vc_column][vc_column width=&#8220;1\/5&#8243;][vc_column_text]<strong>Yannick Leissing<\/strong><br \/>\nGesch\u00e4ftsf\u00fchrender Gesellschafter<br \/>\nTel.: 0 25 32 \u2013 96 43 97<br \/>\nFax: 0 25 32 \u2013 96 43 96<br \/>\nE-Mail: <a href=\"mailto:y.leissing@mkl-druck.de\">y.leissing@mkl-druck.de<\/a>[\/vc_column_text][\/vc_column][vc_column width=&#8220;1\/5&#8243;][vc_column_text]<strong>Markus Freude<\/strong><br \/>\nGesch\u00e4ftsf\u00fchrer<br \/>\nTel.: 0 25 32 &#8211; 96 43 82<br \/>\nFax: 0 25 32 &#8211; 96 43 95<br \/>\nE-Mail: <a href=\"mailto:freude@mkl-druck.de\">freude@mkl-druck.de<\/a>[\/vc_column_text][\/vc_column][vc_column width=&#8220;1\/5&#8243;][vc_column_text]<strong>Tim Viefhues<\/strong><br \/>\nVerkauf &amp; Koordination<br \/>\nTel.: 0 25 32 &#8211; 96 43 90<br \/>\nFax: 0 25 32 &#8211; 96 43 96<br \/>\nE-Mail: <a href=\"mailto:viefhues@mkl-druck.de\">viefhues@mkl-druck.de<\/a>[\/vc_column_text][\/vc_column][\/vc_row][vc_row][vc_column][vc_separator][\/vc_column][\/vc_row][vc_row wrap_container=&#8220;yes&#8220; el_class=&#8220;m-b-xl&#8220;][vc_column width=&#8220;1\/2&#8243;]\n<div class=\"wpcf7 no-js\" id=\"wpcf7-f74-o1\" lang=\"en-US\" dir=\"ltr\" data-wpcf7-id=\"74\">\n<div class=\"screen-reader-response\"><p role=\"status\" aria-live=\"polite\" aria-atomic=\"true\"><\/p> <ul><\/ul><\/div>\n<form action=\"\/index.php?rest_route=%2Fwp%2Fv2%2Fpages%2F3891#wpcf7-f74-o1\" method=\"post\" class=\"wpcf7-form init\" aria-label=\"Contact form\" novalidate=\"novalidate\" data-status=\"init\">\n<fieldset class=\"hidden-fields-container\"><input type=\"hidden\" name=\"_wpcf7\" value=\"74\" \/><input type=\"hidden\" name=\"_wpcf7_version\" value=\"6.1.5\" \/><input type=\"hidden\" name=\"_wpcf7_locale\" value=\"en_US\" \/><input type=\"hidden\" name=\"_wpcf7_unit_tag\" value=\"wpcf7-f74-o1\" \/><input type=\"hidden\" name=\"_wpcf7_container_post\" value=\"0\" \/><input type=\"hidden\" name=\"_wpcf7_posted_data_hash\" value=\"\" \/>\n<\/fieldset>\n<h2 class=\"short\"><strong>Kontaktieren Sie <\/strong>uns\n<\/h2>\n<div class=\"row\">\n\t<div class=\"col-lg-6\">\n\t\t<div class=\"form-group\">\n\t\t\t<p><label for=\"contact-name\">Ihr Name *<\/label><br \/>\n<span class=\"wpcf7-form-control-wrap\" data-name=\"your-name\"><input size=\"40\" maxlength=\"400\" class=\"wpcf7-form-control wpcf7-text wpcf7-validates-as-required form-control\" id=\"contact-name\" aria-required=\"true\" aria-invalid=\"false\" value=\"\" type=\"text\" name=\"your-name\" \/><\/span>\n\t\t\t<\/p>\n\t\t<\/div>\n\t<\/div>\n\t<div class=\"col-lg-6\">\n\t\t<div class=\"form-group\">\n\t\t\t<p><label for=\"contact-email\">Ihre E-Mail *<\/label><br \/>\n<span class=\"wpcf7-form-control-wrap\" data-name=\"your-email\"><input size=\"40\" maxlength=\"400\" class=\"wpcf7-form-control wpcf7-email wpcf7-validates-as-required wpcf7-text wpcf7-validates-as-email form-control\" id=\"contact-email\" aria-required=\"true\" aria-invalid=\"false\" value=\"\" type=\"email\" name=\"your-email\" \/><\/span>\n\t\t\t<\/p>\n\t\t<\/div>\n\t<\/div>\n\t<div class=\"col-lg-12\">\n\t\t<div class=\"form-group\">\n\t\t\t<p><label for=\"contact-message\">Nachricht *<\/label><br \/>\n<span class=\"wpcf7-form-control-wrap\" data-name=\"your-message\"><textarea cols=\"40\" rows=\"10\" maxlength=\"2000\" class=\"wpcf7-form-control wpcf7-textarea wpcf7-validates-as-required form-control\" id=\"contact-message\" aria-required=\"true\" aria-invalid=\"false\" name=\"your-message\"><\/textarea><\/span>\n\t\t\t<\/p>\n\t\t<\/div>\n\t<\/div>\n\t<div class=\"col-lg-12\">\n\t\t<p><label for=\"contact-captcha\">Verification *<\/label>\n\t\t<\/p>\n\t<\/div>\n\t<div class=\"col-lg-8\">\n\t\t<div class=\"form-group\">\n\t\t\t<p><span class=\"wpcf7-form-control-wrap\" data-name=\"your-captcha\"><input size=\"40\" class=\"wpcf7-form-control wpcf7-captchar form-control\" id=\"contact-captcha\" autocomplete=\"off\" aria-invalid=\"false\" value=\"\" type=\"text\" name=\"your-captcha\" \/><\/span>\n\t\t\t<\/p>\n\t\t<\/div>\n\t<\/div>\n\t<div class=\"col-lg-4\">\n\t\t<div class=\"form-group\">\n\t\t\t<p><strong>Warning:<\/strong> The <a href=\"https:\/\/wordpress.org\/plugins\/really-simple-captcha\/\">Really Simple CAPTCHA<\/a> plugin is not active.\n\t\t\t<\/p>\n\t\t<\/div>\n\t<\/div>\n<hr \/>\n\t<div class=\"col-lg-12\">\n\t\t<div class=\"form-group\">\n\t\t\t<p><input class=\"wpcf7-form-control wpcf7-submit has-spinner btn btn-primary btn-lg\" type=\"submit\" value=\"Nachricht senden\" \/>\n\t\t\t<\/p>\n\t\t<\/div>\n\t<\/div>\n<\/div><div class=\"wpcf7-response-output\" aria-hidden=\"true\"><\/div>\n<\/form>\n<\/div>\n[\/vc_column][vc_column width=&#8220;1\/2&#8243;][vc_custom_heading text=&#8220;Kommen<strong> Sie<\/strong> mit uns in Kontakt&#8220; font_container=&#8220;tag:h4|text_align:left&#8220; use_theme_fonts=&#8220;yes&#8220; skin=&#8220;primary&#8220; el_class=&#8220;m-t&#8220;][vc_column_text]Als kleines, inhabergef\u00fchrtes Unternehmen k\u00f6nnen wir flexibel und individuell auf Ihre Spezialw\u00fcnsche eingehen. Gute Beratung, Qualit\u00e4t und P\u00fcnktlichkeit in der Ausf\u00fchrung ist unser Prinzip, mit dem wir schon seit vielen Jahren Erfolge und zufriedene Kunden vorweisen k\u00f6nnen.[\/vc_column_text][vc_separator color=&#8220;custom&#8220; gradient=&#8220;yes&#8220;][vc_custom_heading text=&#8220;Das <strong>B\u00fcro<\/strong>&#8220; font_container=&#8220;tag:h4|text_align:left&#8220; use_theme_fonts=&#8220;yes&#8220; skin=&#8220;primary&#8220;]<div class=\"porto-sicon-box  wpb_custom_1efe903570d178ff0a9b7bfa5febd3a4 style_1 default-icon\"><div class=\"porto-sicon-default\"><div class=\"porto-just-icon-wrapper porto-icon circle\" style=\"color:#ffffff;background:#0088cc;font-size:14px;\"><i class=\"fas fa-map-marker-alt\"><\/i><\/div><\/div><div class=\"porto-sicon-header\"><h3 class=\"porto-sicon-title\" style=\"font-size:14px;color:#777777;\"><strong>Adresse:<\/strong> Graf-Zeppelin-Ring 52, 48346 Ostbevern<\/h3><\/div> <!-- header --><\/div><!-- porto-sicon-box --><div class=\"porto-sicon-box  wpb_custom_1efe903570d178ff0a9b7bfa5febd3a4 style_1 default-icon\"><div class=\"porto-sicon-default\"><div class=\"porto-just-icon-wrapper porto-icon circle\" style=\"color:#ffffff;background:#0088cc;font-size:14px;\"><i class=\"fas fa-phone-volume\"><\/i><\/div><\/div><div class=\"porto-sicon-header\"><h3 class=\"porto-sicon-title\" style=\"font-size:14px;color:#777777;\"><strong>Telefon:<\/strong> 02532 - 964 380<\/h3><\/div> <!-- header --><\/div><!-- porto-sicon-box --><div class=\"porto-sicon-box  wpb_custom_1efe903570d178ff0a9b7bfa5febd3a4 style_1 default-icon\"><div class=\"porto-sicon-default\"><div class=\"porto-just-icon-wrapper porto-icon circle\" style=\"color:#ffffff;background:#0088cc;font-size:14px;\"><i class=\"far fa-envelope\"><\/i><\/div><\/div><div class=\"porto-sicon-header\"><h3 class=\"porto-sicon-title\" style=\"font-size:14px;color:#777777;\"><strong>Email:<\/strong> info@mkl-druck.de<\/h3><\/div> <!-- header --><\/div><!-- porto-sicon-box -->[vc_separator color=&#8220;custom&#8220; gradient=&#8220;yes&#8220;][vc_custom_heading text=&#8220;B\u00fcro<strong>zeiten<\/strong>&#8220; font_container=&#8220;tag:h4|text_align:left&#8220; use_theme_fonts=&#8220;yes&#8220; skin=&#8220;primary&#8220;]<div class=\"porto-sicon-box  wpb_custom_1efe903570d178ff0a9b7bfa5febd3a4 style_1 default-icon\"><div class=\"porto-sicon-default\"><div class=\"porto-just-icon-wrapper porto-icon none\" style=\"font-size:14px;\"><i class=\"far fa-clock\"><\/i><\/div><\/div><div class=\"porto-sicon-header\"><h3 class=\"porto-sicon-title\" style=\"font-size:14px;color:#777777;\">Montag - Freitag 8:00 - 16:30 Uhr<\/h3><\/div> <!-- header --><\/div><!-- porto-sicon-box --><div class=\"porto-sicon-box  wpb_custom_1efe903570d178ff0a9b7bfa5febd3a4 style_1 default-icon\"><div class=\"porto-sicon-default\"><div class=\"porto-just-icon-wrapper porto-icon none\" style=\"font-size:14px;\"><i class=\"far fa-clock\"><\/i><\/div><\/div><div class=\"porto-sicon-header\"><h3 class=\"porto-sicon-title\" style=\"font-size:14px;color:#777777;\">Samstag - geschlossen<\/h3><\/div> <!-- header --><\/div><!-- porto-sicon-box --><div class=\"porto-sicon-box  wpb_custom_1efe903570d178ff0a9b7bfa5febd3a4 style_1 default-icon\"><div class=\"porto-sicon-default\"><div class=\"porto-just-icon-wrapper porto-icon none\" style=\"font-size:14px;\"><i class=\"far fa-clock\"><\/i><\/div><\/div><div class=\"porto-sicon-header\"><h3 class=\"porto-sicon-title\" style=\"font-size:14px;color:#777777;\">Sonn- &amp; Feiertag - geschlossen<\/h3><\/div> <!-- header --><\/div><!-- porto-sicon-box -->[vc_separator][\/vc_column][\/vc_row][vc_row][vc_column][vc_separator][\/vc_column][\/vc_row][vc_row][vc_column][vc_column_text]<img loading=\"lazy\" decoding=\"async\" class=\"aligncenter\" src=\"https:\/\/mkl-druck.de\/wp-content\/uploads\/2026\/02\/reklme1.jpg\" width=\"400\" height=\"180\" \/>[\/vc_column_text][vc_column_text]<\/p>\n<p style=\"text-align: center;\"><span style=\"font-size: 14px;\">Zertifiziert nach DIN-ISO 12647-2 ProzessStandard Offsetdruck<\/span><\/p>\n<p>[\/vc_column_text][\/vc_column][\/vc_row][vc_row][vc_column][vc_separator color=&#8220;sky&#8220;][\/vc_column][\/vc_row][vc_row][vc_column width=&#8220;1\/2&#8243;][vc_column_text]<span style=\"font-size: xx-small;\">\u00a9 2026 MKL wentker druck GmbH &amp; Co.KG. Alle Rechte vorbehalten. \/\/ Designed by <a href=\"https:\/\/www.saveon.de\/\">saveon | design<\/a>.<\/span>[\/vc_column_text][\/vc_column][vc_column width=&#8220;1\/2&#8243;][vc_column_text]<\/p>\n<p style=\"text-align: center;\"><a href=\"https:\/\/mkl-druck.de\/?page_id=3976\">IMPRESSUM<\/a> | <a href=\"https:\/\/mkl-druck.de\/?page_id=3982\">DATENSCHUTZ<\/a> | <a href=\"https:\/\/mkl-druck.de\/?page_id=3987\">AGB<\/a><\/p>\n<p>[\/vc_column_text][\/vc_column][\/vc_row]<\/p>\n","protected":false},"excerpt":{"rendered":"<p>[vc_row][vc_column][vc_separator border_width=&#8220;3&#8243;][\/vc_column][vc_column][vc_row_inner][vc_column_inner width=&#8220;1\/2&#8243;][vc_column_text][\/vc_column_text][\/vc_column_inner][vc_column_inner width=&#8220;1\/2&#8243;][vc_column_text]Herzlich Willkommen bei MKL wentker druck GmbH Wir begr\u00fc\u00dfen Sie auf unserer Homepage und freuen uns, dass Sie bei uns vorbeischauen. Als Ihr kompetenter Partner zum Thema Offset- und Digitaldruck stellen wir Ihnen gerne unseren Betrieb und unsere T\u00e4tigkeiten vor. Als kleines, inhabergef\u00fchrtes Unternehmen k\u00f6nnen wir flexibel und individuell auf Ihre Spezialw\u00fcnsche [&hellip;]<\/p>\n","protected":false},"author":1,"featured_media":0,"parent":0,"menu_order":0,"comment_status":"closed","ping_status":"closed","template":"","meta":{"footnotes":""},"class_list":["post-3891","page","type-page","status-publish","hentry"],"_links":{"self":[{"href":"https:\/\/mkl-druck.de\/index.php?rest_route=\/wp\/v2\/pages\/3891","targetHints":{"allow":["GET"]}}],"collection":[{"href":"https:\/\/mkl-druck.de\/index.php?rest_route=\/wp\/v2\/pages"}],"about":[{"href":"https:\/\/mkl-druck.de\/index.php?rest_route=\/wp\/v2\/types\/page"}],"author":[{"embeddable":true,"href":"https:\/\/mkl-druck.de\/index.php?rest_route=\/wp\/v2\/users\/1"}],"replies":[{"embeddable":true,"href":"https:\/\/mkl-druck.de\/index.php?rest_route=%2Fwp%2Fv2%2Fcomments&post=3891"}],"version-history":[{"count":102,"href":"https:\/\/mkl-druck.de\/index.php?rest_route=\/wp\/v2\/pages\/3891\/revisions"}],"predecessor-version":[{"id":4089,"href":"https:\/\/mkl-druck.de\/index.php?rest_route=\/wp\/v2\/pages\/3891\/revisions\/4089"}],"wp:attachment":[{"href":"https:\/\/mkl-druck.de\/index.php?rest_route=%2Fwp%2Fv2%2Fmedia&parent=3891"}],"curies":[{"name":"wp","href":"https:\/\/api.w.org\/{rel}","templated":true}]}}